{"id":1438,"date":"2024-10-13T09:50:14","date_gmt":"2024-10-13T08:50:14","guid":{"rendered":"http:\/\/www.ecolesaintjoseph.fr\/?page_id=1438"},"modified":"2026-08-23T12:05:50","modified_gmt":"2026-08-23T11:05:50","slug":"temps-scolaire","status":"publish","type":"page","link":"http:\/\/www.ecolesaintjoseph.fr\/?page_id=1438","title":{"rendered":"Temps scolaire"},"content":{"rendered":"<p><strong><span style=\"text-decoration: underline;\"><span style=\"color: #79b530; text-decoration: underline;\">D\u00e9roulement de la journ\u00e9e<\/span><\/span><\/strong><\/p>\n<p>La semaine se d\u00e9roule sur 4 jours les lundi, mardi, jeudi et vendredi.<\/p>\n<p>L&rsquo;entr\u00e9e en classe se fait \u00e0 8h45, la pause d\u00e9jeuner est \u00e0 11h45.\u00a0<\/p>\n<p>Le retour en classe se fait \u00e0 13h30 et la sortie des classes est \u00e0 16h30.<\/p>\n<p>Le portail est ouvert \u00e0 8h30 la matin.\u00a0<\/p>\n<p>Les \u00e9l\u00e8ves des classes de maternelle rentrent directement en classe.\u00a0<\/p>\n<p><span style=\"color: #79b530;\"><strong><span style=\"text-decoration: underline;\">Restauration<\/span><\/strong><\/span><\/p>\n<p>Les \u00e9l\u00e8ves restant \u00e0 la cantine d\u00e9jeunent \u00e0 midi.\u00a0<\/p>\n<p>Tous les \u00e9l\u00e8ves sont servis \u00e0 table.<\/p>\n<p>Les \u00e9l\u00e8ves de maternelle d\u00e9jeunent dans une salle qui leur est r\u00e9serv\u00e9e.<\/p>\n<p>Le service de restauration est assur\u00e9 par Yvelines Restauration, du groupe DUPONT RESTAURATION.<\/p>\n<p><span style=\"color: #79b530;\"><strong><span style=\"text-decoration: underline;\">Garderie et Etude<\/span><\/strong><\/span><\/p>\n<p>Un service de garderie est propos\u00e9 aux familles \u00e0 partir de 7h30 le matin et jusqu&rsquo;\u00e0 18h30 le soir.<\/p>\n<p>Pour les \u00e9l\u00e8ves de primaire, une \u00e9tude est propos\u00e9e jusqu&rsquo;\u00e0 18h00.<\/p>\n\n\n<p><mark style=\"background-color:rgba(0, 0, 0, 0);color:#79b530\" class=\"has-inline-color\"><span style=\"text-decoration: underline;\"><strong>Calendrier scolaire &#8211; 2026 \/ 202<\/strong>7<\/span><\/mark><\/p>\n\n\n\n<figure class=\"wp-block-table is-style-stripes\"><table><tbody><tr><td class=\"has-text-align-left\" data-align=\"left\">Rentr\u00e9e \u00e9chelonn\u00e9e<\/td><td>Lundi 31 ao\u00fbt 2026<\/td><\/tr><tr><td class=\"has-text-align-left\" data-align=\"left\">Rentr\u00e9e<\/td><td>Mardi 1er septembre 2026<\/td><\/tr><tr><td class=\"has-text-align-left\" data-align=\"left\"><strong><mark style=\"background-color:rgba(0, 0, 0, 0);color:#79b530\" class=\"has-inline-color\">\u00c9v\u00e8nements p\u00e9riode 1<\/mark><\/strong><\/td><td><\/td><\/tr><tr><td class=\"has-text-align-left\" data-align=\"left\">C\u00e9l\u00e9bration de rentr\u00e9e <br>AG de l&rsquo;APEL<\/td><td>Samedi 19 septembre<\/td><\/tr><tr><td class=\"has-text-align-left\" data-align=\"left\"><strong><em>Vacances de la Toussaint<\/em><\/strong><\/td><td><em><strong>Vendredi 16 octobre au Lundi 2 novembre<\/strong><\/em><\/td><\/tr><tr><td class=\"has-text-align-left\" data-align=\"left\"><strong><mark style=\"background-color:rgba(0, 0, 0, 0);color:#79b530\" class=\"has-inline-color\">\u00c9v\u00e8nements p\u00e9riode 2<\/mark><\/strong><\/td><td><\/td><\/tr><tr><td class=\"has-text-align-left\" data-align=\"left\">CROSS de l&rsquo;\u00e9cole<\/td><td>Samedi 21 novembre<\/td><\/tr><tr><td class=\"has-text-align-left\" data-align=\"left\">Journ\u00e9e banalis\u00e9e<br><em>\u00ab\u00a0Rendez-vous de la fraternit\u00e9\u00a0\u00bb<\/em><\/td><td>Vendredi 4 d\u00e9cembre &#8211; <strong>pas de classe<\/strong><\/td><\/tr><tr><td class=\"has-text-align-left\" data-align=\"left\">C\u00e9l\u00e9bration de No\u00ebl<\/td><td>Vendredi 18 d\u00e9cembre<\/td><\/tr><tr><td class=\"has-text-align-left\" data-align=\"left\"><strong><em>Vacances de No\u00ebl<\/em><\/strong><\/td><td><em><strong>Vendredi 18 d\u00e9cembre au Lundi 4 janvier<\/strong><\/em><\/td><\/tr><tr><td class=\"has-text-align-left\" data-align=\"left\"><strong><mark style=\"background-color:rgba(0, 0, 0, 0);color:#79b530\" class=\"has-inline-color\">\u00c9v\u00e8nements p\u00e9riode 3<\/mark><\/strong><\/td><td><\/td><\/tr><tr><td class=\"has-text-align-left\" data-align=\"left\">Mi-car\u00eame &#8211; Carnaval des enfants<\/td><td>Jeudi 16 f\u00e9vrier<\/td><\/tr><tr><td class=\"has-text-align-left\" data-align=\"left\"><em><strong>Vacances d&rsquo;hiver<\/strong><\/em><\/td><td><em><strong>Vendredi 19 f\u00e9vrier au 8 mars<\/strong><\/em> <\/td><\/tr><tr><td class=\"has-text-align-left\" data-align=\"left\">Portes ouvertes<\/td><td>Samedi 20 mars &#8211; CLASSE le matin<\/td><\/tr><tr><td class=\"has-text-align-left\" data-align=\"left\">Vendredi Saint &#8211; Bol de riz<\/td><td>Vendredi 26 mars<\/td><\/tr><tr><td class=\"has-text-align-left\" data-align=\"left\">C\u00e9l\u00e9bration de P\u00e2ques<\/td><td>Vendredi 2 avril<\/td><\/tr><tr><td class=\"has-text-align-left\" data-align=\"left\"><strong><em>Vacances de printemps<\/em><\/strong><\/td><td><strong><em>Vendredi 16 avril au 3 mai<\/em><\/strong><\/td><\/tr><tr><td class=\"has-text-align-left\" data-align=\"left\"><strong><mark style=\"background-color:rgba(0, 0, 0, 0);color:#79b530\" class=\"has-inline-color\">\u00c9v\u00e8nements p\u00e9riode 4<\/mark><\/strong><\/td><td><\/td><\/tr><tr><td class=\"has-text-align-left\" data-align=\"left\">Journ\u00e9e de classe exceptionnelle<\/td><td>Mercredi 5 mai (horaires habituelles)<\/td><\/tr><tr><td class=\"has-text-align-left\" data-align=\"left\">Pont de l&rsquo;Ascension <\/td><td>du 6 au 9 mai (vendredi 7 vaqu\u00e9)<\/td><\/tr><tr><td class=\"has-text-align-left\" data-align=\"left\">Lundi de Pentec\u00f4te (Pas de classe)<\/td><td>Lundi 17 mai<\/td><\/tr><tr><td class=\"has-text-align-left\" data-align=\"left\">Pr\u00e9paration \u00e0 la kermesse<br>Classe le matin<\/td><td>Samedi 12 juin<\/td><\/tr><tr><td class=\"has-text-align-left\" data-align=\"left\">Kermesse<\/td><td>Samedi 12 juin apr\u00e8s-midi<\/td><\/tr><tr><td class=\"has-text-align-left\" data-align=\"left\"><strong><em>Vacances d&rsquo;\u00e9t\u00e9<\/em><\/strong><\/td><td><em><strong>Vendredi 25 juin <\/strong><\/em><\/td><\/tr><tr><td class=\"has-text-align-left\" data-align=\"left\">Rentr\u00e9e \u00e9chelonn\u00e9e*<\/td><td>Lundi 30 ao\u00fbt<\/td><\/tr><tr><td class=\"has-text-align-left\" data-align=\"left\">Rentr\u00e9e*<\/td><td>Mardi 31 ao\u00fbt<\/td><\/tr><tr><td class=\"has-text-align-left\" data-align=\"left\"><em>* dates indicatives, \u00e0 confirmer<\/em><\/td><td><\/td><\/tr><tr><td class=\"has-text-align-left\" data-align=\"left\"><\/td><td><\/td><\/tr><\/tbody><\/table><figcaption class=\"wp-element-caption\"><em>Le d\u00e9part en vacances \u00e0 lieu apr\u00e8s la classe, la reprise des cours le matin des jours indiqu\u00e9s<\/em><\/figcaption><\/figure>\n\n\n\n<p><\/p>\n\n\n\n<p><\/p>\n","protected":false},"excerpt":{"rendered":"<p>D\u00e9roulement de la journ\u00e9e La semaine se d\u00e9roule sur 4 jours les lundi, mardi, jeudi et vendredi. L&rsquo;entr\u00e9e en classe &hellip; <\/p>\n","protected":false},"author":2,"featured_media":0,"parent":0,"menu_order":0,"comment_status":"closed","ping_status":"closed","template":"","meta":{"footnotes":""},"class_list":["post-1438","page","type-page","status-publish","hentry"],"_links":{"self":[{"href":"http:\/\/www.ecolesaintjoseph.fr\/index.php?rest_route=\/wp\/v2\/pages\/1438","targetHints":{"allow":["GET"]}}],"collection":[{"href":"http:\/\/www.ecolesaintjoseph.fr\/index.php?rest_route=\/wp\/v2\/pages"}],"about":[{"href":"http:\/\/www.ecolesaintjoseph.fr\/index.php?rest_route=\/wp\/v2\/types\/page"}],"author":[{"embeddable":true,"href":"http:\/\/www.ecolesaintjoseph.fr\/index.php?rest_route=\/wp\/v2\/users\/2"}],"replies":[{"embeddable":true,"href":"http:\/\/www.ecolesaintjoseph.fr\/index.php?rest_route=%2Fwp%2Fv2%2Fcomments&post=1438"}],"version-history":[{"count":4,"href":"http:\/\/www.ecolesaintjoseph.fr\/index.php?rest_route=\/wp\/v2\/pages\/1438\/revisions"}],"predecessor-version":[{"id":1565,"href":"http:\/\/www.ecolesaintjoseph.fr\/index.php?rest_route=\/wp\/v2\/pages\/1438\/revisions\/1565"}],"wp:attachment":[{"href":"http:\/\/www.ecolesaintjoseph.fr\/index.php?rest_route=%2Fwp%2Fv2%2Fmedia&parent=1438"}],"curies":[{"name":"wp","href":"https:\/\/api.w.org\/{rel}","templated":true}]}}